{"id":468,"date":"2016-03-03T13:20:41","date_gmt":"2016-03-03T12:20:41","guid":{"rendered":"http:\/\/liberproarte.eu\/?page_id=468"},"modified":"2016-03-03T15:59:26","modified_gmt":"2016-03-03T14:59:26","slug":"250-lecie-teatru-publicznego-w-polsce-edukacja-teatralna-i-promocja-teatru","status":"publish","type":"page","link":"http:\/\/liberproarte.eu\/?page_id=468","title":{"rendered":"250-lecie teatru publicznego w Polsce. Edukacja teatralna i promocja teatru"},"content":{"rendered":"<div class=\"intro\">\n<p>W ramach priorytetu Ministerstwa Kultury i Dziedzictwa Narodowego <strong>&#8222;250-lecie teatru publicznego w Polsce. Edukacja teatralna i promocja teatru&#8221;<\/strong>\u00a0 w <a href=\"http:\/\/www.ispan.pl\/pl\/zbiory\/zbiory-specjalne\">Zbiorach Specjalnych\/Dokumentacji Teatru<\/a> Instytutu Sztuki PAN zosta\u0142a rozpocz\u0119ta digitalizacja unikalnego zespo\u0142u recenzji i esej\u00f3w teatralnych z prasy polskiej z lat 50.\u201390. XX w.<\/p>\n<\/div>\n<div class=\"fulltext\">\n<p>Przeprowadzono pierwsz\u0105 cz\u0119\u015b\u0107 zapisu cyfrowego wycink\u00f3w prasowych, kt\u00f3re w wersji cyfrowej udost\u0119pniane s\u0105 na miejscu w czytelni Dokumentacji Teatru IS PAN.<\/p>\n<table>\n<tbody>\n<tr>\n<th><a href=\"http:\/\/www.mkidn.gov.pl\/\"><img loading=\"lazy\" decoding=\"async\" class=\"size-medium wp-image-460\" src=\"http:\/\/liberproarte.eu\/wp-content\/uploads\/2016\/02\/MKiDN_logo-300x179.jpg\" alt=\"MKiDN_logo\" width=\"300\" height=\"179\" srcset=\"http:\/\/liberproarte.eu\/wp-content\/uploads\/2016\/02\/MKiDN_logo-300x179.jpg 300w, http:\/\/liberproarte.eu\/wp-content\/uploads\/2016\/02\/MKiDN_logo-150x89.jpg 150w, http:\/\/liberproarte.eu\/wp-content\/uploads\/2016\/02\/MKiDN_logo.jpg 400w\" sizes=\"auto, (max-width: 300px) 100vw, 300px\" \/><\/a><\/th>\n<th><a href=\"http:\/\/www.mkidn.gov.pl\/pages\/strona-glowna\/finanse\/programy-ministra\/teatr-2015---promesa\/250-lecie-teatru-publicznego-w-polsce.php\"><img loading=\"lazy\" decoding=\"async\" class=\"aligncenter size-medium wp-image-473\" src=\"http:\/\/liberproarte.eu\/wp-content\/uploads\/2016\/03\/250_lat_logo-300x171.jpg\" alt=\"250_lat_logo\" width=\"300\" height=\"171\" srcset=\"http:\/\/liberproarte.eu\/wp-content\/uploads\/2016\/03\/250_lat_logo.jpg 300w, http:\/\/liberproarte.eu\/wp-content\/uploads\/2016\/03\/250_lat_logo-150x86.jpg 150w\" sizes=\"auto, (max-width: 300px) 100vw, 300px\" \/><\/a><\/th>\n<\/tr>\n<\/tbody>\n<\/table>\n<table>\n<tbody>\n<tr>\n<th><a href=\"http:\/\/liberproarte.eu\/wp-content\/uploads\/2016\/03\/afisz_1.jpg\" data-rel=\"lightbox-image-0\" data-rl_title=\"\" data-rl_caption=\"\" title=\"\"><img loading=\"lazy\" decoding=\"async\" class=\"alignnone wp-image-476\" src=\"http:\/\/liberproarte.eu\/wp-content\/uploads\/2016\/03\/afisz_1-300x282.jpg\" alt=\"afisz_1\" width=\"230\" height=\"217\" srcset=\"http:\/\/liberproarte.eu\/wp-content\/uploads\/2016\/03\/afisz_1-300x282.jpg 300w, http:\/\/liberproarte.eu\/wp-content\/uploads\/2016\/03\/afisz_1-150x141.jpg 150w, http:\/\/liberproarte.eu\/wp-content\/uploads\/2016\/03\/afisz_1-768x723.jpg 768w, http:\/\/liberproarte.eu\/wp-content\/uploads\/2016\/03\/afisz_1.jpg 1024w, http:\/\/liberproarte.eu\/wp-content\/uploads\/2016\/03\/afisz_1-676x636.jpg 676w\" sizes=\"auto, (max-width: 230px) 100vw, 230px\" \/><\/a><\/th>\n<th><a href=\"http:\/\/liberproarte.eu\/wp-content\/uploads\/2016\/03\/afisz_2.jpg\" data-rel=\"lightbox-image-1\" data-rl_title=\"\" data-rl_caption=\"\" title=\"\"><img loading=\"lazy\" decoding=\"async\" class=\"aligncenter wp-image-477\" src=\"http:\/\/liberproarte.eu\/wp-content\/uploads\/2016\/03\/afisz_2-300x214.jpg\" alt=\"afisz_2\" width=\"230\" height=\"164\" srcset=\"http:\/\/liberproarte.eu\/wp-content\/uploads\/2016\/03\/afisz_2-300x214.jpg 300w, http:\/\/liberproarte.eu\/wp-content\/uploads\/2016\/03\/afisz_2-150x107.jpg 150w, http:\/\/liberproarte.eu\/wp-content\/uploads\/2016\/03\/afisz_2-768x548.jpg 768w, http:\/\/liberproarte.eu\/wp-content\/uploads\/2016\/03\/afisz_2.jpg 1024w, http:\/\/liberproarte.eu\/wp-content\/uploads\/2016\/03\/afisz_2-676x483.jpg 676w\" sizes=\"auto, (max-width: 230px) 100vw, 230px\" \/><\/a><\/th>\n<th><a href=\"http:\/\/liberproarte.eu\/wp-content\/uploads\/2016\/03\/afisz_3.jpg\" data-rel=\"lightbox-image-2\" data-rl_title=\"\" data-rl_caption=\"\" title=\"\"><img loading=\"lazy\" decoding=\"async\" class=\"aligncenter wp-image-478\" src=\"http:\/\/liberproarte.eu\/wp-content\/uploads\/2016\/03\/afisz_3-300x269.jpg\" alt=\"afisz_3\" width=\"230\" height=\"206\" srcset=\"http:\/\/liberproarte.eu\/wp-content\/uploads\/2016\/03\/afisz_3-300x269.jpg 300w, http:\/\/liberproarte.eu\/wp-content\/uploads\/2016\/03\/afisz_3-150x134.jpg 150w, http:\/\/liberproarte.eu\/wp-content\/uploads\/2016\/03\/afisz_3-768x689.jpg 768w, http:\/\/liberproarte.eu\/wp-content\/uploads\/2016\/03\/afisz_3.jpg 1024w, http:\/\/liberproarte.eu\/wp-content\/uploads\/2016\/03\/afisz_3-676x606.jpg 676w\" sizes=\"auto, (max-width: 230px) 100vw, 230px\" \/><\/a><\/th>\n<\/tr>\n<\/tbody>\n<\/table>\n<\/div>\n","protected":false},"excerpt":{"rendered":"<p>W ramach priorytetu Ministerstwa Kultury i Dziedzictwa Narodowego &#8222;250-lecie teatru publicznego w Polsce. Edukacja teatralna i promocja teatru&#8221;\u00a0 w Zbiorach Specjalnych\/Dokumentacji Teatru Instytutu Sztuki PAN zosta\u0142a rozpocz\u0119ta digitalizacja unikalnego zespo\u0142u recenzji i esej\u00f3w teatralnych z prasy polskiej z lat 50.\u201390. XX w. Przeprowadzono pierwsz\u0105 cz\u0119\u015b\u0107 zapisu cyfrowego wycink\u00f3w prasowych, kt\u00f3re w wersji cyfrowej udost\u0119pniane s\u0105 [&hellip;]<\/p>\n","protected":false},"author":1,"featured_media":0,"parent":0,"menu_order":0,"comment_status":"closed","ping_status":"closed","template":"","meta":{"footnotes":""},"class_list":["post-468","page","type-page","status-publish","hentry","post-preview"],"_links":{"self":[{"href":"http:\/\/liberproarte.eu\/index.php?rest_route=\/wp\/v2\/pages\/468","targetHints":{"allow":["GET"]}}],"collection":[{"href":"http:\/\/liberproarte.eu\/index.php?rest_route=\/wp\/v2\/pages"}],"about":[{"href":"http:\/\/liberproarte.eu\/index.php?rest_route=\/wp\/v2\/types\/page"}],"author":[{"embeddable":true,"href":"http:\/\/liberproarte.eu\/index.php?rest_route=\/wp\/v2\/users\/1"}],"replies":[{"embeddable":true,"href":"http:\/\/liberproarte.eu\/index.php?rest_route=%2Fwp%2Fv2%2Fcomments&post=468"}],"version-history":[{"count":11,"href":"http:\/\/liberproarte.eu\/index.php?rest_route=\/wp\/v2\/pages\/468\/revisions"}],"predecessor-version":[{"id":484,"href":"http:\/\/liberproarte.eu\/index.php?rest_route=\/wp\/v2\/pages\/468\/revisions\/484"}],"wp:attachment":[{"href":"http:\/\/liberproarte.eu\/index.php?rest_route=%2Fwp%2Fv2%2Fmedia&parent=468"}],"curies":[{"name":"wp","href":"https:\/\/api.w.org\/{rel}","templated":true}]}}