{"id":71,"date":"2014-09-10T08:52:03","date_gmt":"2014-09-10T08:52:03","guid":{"rendered":"http:\/\/liberproarteweb.localhost\/?page_id=71"},"modified":"2015-03-25T16:12:58","modified_gmt":"2015-03-25T15:12:58","slug":"plyty-cd","status":"publish","type":"page","link":"http:\/\/liberproarte.eu\/?page_id=71","title":{"rendered":"P\u0142yty CD"},"content":{"rendered":"<p style=\"text-align: justify;\"><strong>Hen, gdzie piaski i moczary, gdzie zielone zawsze bory. Pie\u015bni Puszczy Kurpiowskiej<\/strong><\/p>\n<p style=\"text-align: justify;\"><a href=\"\/wp-content\/uploads\/2014\/09\/cd_kurpie.jpg\" data-rel=\"lightbox-image-0\" data-rl_title=\"\" data-rl_caption=\"\" title=\"\"><img loading=\"lazy\" decoding=\"async\" class=\"alignright wp-image-108 size-medium\" src=\"http:\/\/nowa.liberproarte.eu\/wp-content\/uploads\/2014\/09\/cd_kurpie-300x271.jpg\" alt=\"cd_kurpie\" width=\"300\" height=\"271\" srcset=\"http:\/\/liberproarte.eu\/wp-content\/uploads\/2014\/09\/cd_kurpie-300x271.jpg 300w, http:\/\/liberproarte.eu\/wp-content\/uploads\/2014\/09\/cd_kurpie-150x135.jpg 150w, http:\/\/liberproarte.eu\/wp-content\/uploads\/2014\/09\/cd_kurpie.jpg 450w\" sizes=\"auto, (max-width: 300px) 100vw, 300px\" \/><\/a>Nagrania archiwalne ze Zbior\u00f3w Fonograficznych Instytutu Sztuki PAN.<br \/>\n(ISPAN CD 005, 2009; wydawca: Instytut Sztuki PAN; Stowarzyszenie Liber Pro Arte)<br \/>\nWydawca p\u0142yty: Instytut Sztuki PAN, Stowarzyszenie Liber Pro Arte<\/p>\n<p style=\"text-align: justify;\">P\u0142yta, prezentuj\u0105ca najstarsze nagrania pie\u015bni i muzyki Kurpi\u00f3w Puszczy Zielonej, jest swego rodzaju podr\u00f3\u017c\u0105 \u015bladami ksi\u0119dza W\u0142adys\u0142awa Skierkowskiego, kt\u00f3r\u0105 odbyli z aparatur\u0105 nagrywaj\u0105c\u0105 dokumentali\u015bci dzia\u0142aj\u0105cy w ramach og\u00f3lnopolskiej Akcji Zbierania Folkloru Muzycznego. Nagrania (83 numery) pochodz\u0105 z dw\u00f3ch wypraw terenowych dokonanych w latach 1952 i 1954. Wyb\u00f3r nagra\u0144 jest tylko niewielk\u0105, najstarsz\u0105 (cho\u0107 zapewne najcenniejsz\u0105) cz\u0119\u015bci\u0105 nagra\u0144 dokonanych na Kurpiach. W wi\u0119kszo\u015bci s\u0105 to warianty pie\u015bni notowanych przez ks. Skierkowskiego, za\u015bpiewane zn\u00f3w po ponad dwudziestu latach \u2013 tym razem do mikrofonu. Na p\u0142ycie zarejestrowano dawny tradycyjny repertuar wykonywany przez najstarsz\u0105 generacj\u0119 Kurpi\u00f3w \u2013 wielu wykonawc\u00f3w urodzi\u0142o si\u0119 w drugiej po\u0142. XIX w. Na szczeg\u00f3ln\u0105 uwag\u0119 zas\u0142uguj\u0105 \u015bpiewy Walerii Mierzejek (ur. w 1874 r.), Stanis\u0142awa Brzozowego (ur. w 1901 r.) \u2013 \u201eklasyka\u201d \u015bpiewu kurpiowskiego czy pierwsze nagrania znanej z innych wydawnictw p\u0142ytowych Walerii \u017barnochowej.<br \/>\nPrzechowywane w Zbiorach Fonograficznych Instytutu Sztuki PAN najstarsze znane dzi\u015b rejestracje fonograficzne folkloru muzycznego Puszczy Zielonej po ponad p\u00f3\u0142 wieku zostaj\u0105 zaprezentowane szerszemu gronu s\u0142uchaczy. Cho\u0107 osi\u0105 tematyczn\u0105 prezentowanej p\u0142yty jest repertuar obrz\u0119dowy, weselny liczn\u0105 grup\u0119 pie\u015bni stanowi repertuar mi\u0142osny opowiadaj\u0105cy o zalotach, kawalerce, mi\u0142o\u015bci, stracie wianka, roz\u0142\u0105ce, odtr\u0105ceniu. W wyborze odnajdziemy\u00a0 r\u00f3wnie\u017c pie\u015bni pasterskie, spo\u0142eczno-rodzinne, ko\u0142ysanki, piosenki dzieci\u0119ce i dla dzieci i inne. P\u0142yt\u0119 zamykaj\u0105 pie\u015bni nabo\u017cne: pasyjna oraz dwie pie\u015bni \u015bpiewane podczas czuwania przy ciele zmar\u0142ego podczas tzw. &#8222;pustych nocy&#8221;.<\/p>\n<p style=\"text-align: justify;\">mgr Jacek Jackowski<br \/>\nZbiory Fonograficzne ISPAN<\/p>\n<p style=\"text-align: justify;\">Dystrybucja p\u0142yty: <a title=\"Instytut Sztuki PAN\" href=\"http:\/\/www.ispan.pl\/\" target=\"_blank\">Instytut Sztuki PAN<\/a><\/p>\n<p style=\"text-align: justify;\"><strong>Melodie ziemi kujawskiej<\/strong><\/p>\n<p style=\"text-align: justify;\"><a href=\"\/wp-content\/uploads\/2014\/09\/cd_kujawy.jpg\" data-rel=\"lightbox-image-1\" data-rl_title=\"\" data-rl_caption=\"\" title=\"\"><img loading=\"lazy\" decoding=\"async\" class=\"alignright wp-image-110 size-medium\" src=\"http:\/\/nowa.liberproarte.eu\/wp-content\/uploads\/2014\/09\/cd_kujawy-300x266.jpg\" alt=\"cd_kujawy\" width=\"300\" height=\"266\" srcset=\"http:\/\/liberproarte.eu\/wp-content\/uploads\/2014\/09\/cd_kujawy-300x266.jpg 300w, http:\/\/liberproarte.eu\/wp-content\/uploads\/2014\/09\/cd_kujawy-150x133.jpg 150w, http:\/\/liberproarte.eu\/wp-content\/uploads\/2014\/09\/cd_kujawy.jpg 450w\" sizes=\"auto, (max-width: 300px) 100vw, 300px\" \/><\/a>Nagrania archiwalne tradycyjnych pie\u015bni i muzyki Kujaw ze Zbior\u00f3w Fonograficznych Instytutu Sztuki PAN<br \/>\n(ISPAN CD 007, 2010; wydawca: Instytut Sztuki PAN; Stowarzyszenie Liber Pro Arte)<\/p>\n<p style=\"text-align: justify;\">Na pocz\u0105tku 2011 r. ukaza\u0142a si\u0119 nowa p\u0142yta CD, na kt\u00f3rej us\u0142yszymy najstarsze nagrania polskiej muzyki tradycyjnej z Kujaw.<\/p>\n<p style=\"text-align: justify;\">Na najnowszej p\u0142ycie zaprezentowano najstarsze nagrania muzyki tradycyjnej z Kujaw zrealizowane w latach 1952-1956 i zgromadzone w Zbiorach Fonograficznych Instytutu Sztuki PAN. Przygotowanie i wydanie p\u0142yty by\u0142o cz\u0119\u015bci\u0105 projektu Ochrona i popularyzacja najstarszych nagra\u0144 polskiej muzyki tradycyjnej realizowanego z\u00a0 udzia\u0142em\u00a0 \u015brodk\u00f3w\u00a0 Ministra\u00a0 Kultury\u00a0 i Dziedzictwa Narodowego. Na p\u0142ycie us\u0142yszymy 78 archiwalnych nagra\u0144 d\u017awi\u0119kowych &#8211; materia\u0142 o niezwyk\u0142ej warto\u015bci dokumentalnej, zaprezentowany przez ostatnie pokolenia wykonawc\u00f3w graj\u0105cych i \u015bpiewaj\u0105cych w dawnym, niespotykanym ju\u017c stylu muzycznym, ludzi, kt\u00f3rzy uczestniczyli w dawnych zwyczajach i obrz\u0119dach i pami\u0119tali repertuar najstarszy. W\u015br\u00f3d wykonawc\u00f3w us\u0142yszymy m.in. Mari\u0119 Olejnik ur. w 1867 r. w S\u0119dzinie, kt\u00f3rej \u015bpiew nagrywano ju\u017c w okresie mi\u0119dzywojennym oraz \u0141ukasza Bylickiego ur. w 1868 r., prezentuj\u0105cego niezwyk\u0142e oracje weselne. Na p\u0142ycie, opr\u00f3cz pie\u015bni i oracji us\u0142yszymy du\u017co muzyki instrumentalnej, zw\u0142aszcza oryginalne, wiejskie kujawiaki grane przez najstarsz\u0105 generacj\u0119 skrzypk\u00f3w, kt\u00f3rych gr\u0119 zarejestrowano na ta\u015bmie archiwalnej.<br \/>\nmgr Jacek Jackowski<br \/>\nZbiory Fonograficzne ISPAN<\/p>\n<p style=\"text-align: justify;\">Dystrybucja p\u0142yty: <a title=\"Instytut Sztuki PAN\" href=\"http:\/\/www.ispan.pl\/\" target=\"_blank\">Instytut Sztuki PAN<\/a><\/p>\n","protected":false},"excerpt":{"rendered":"<p>Hen, gdzie piaski i moczary, gdzie zielone zawsze bory. Pie\u015bni Puszczy Kurpiowskiej Nagrania archiwalne ze Zbior\u00f3w Fonograficznych Instytutu Sztuki PAN. (ISPAN CD 005, 2009; wydawca: Instytut Sztuki PAN; Stowarzyszenie Liber Pro Arte) Wydawca p\u0142yty: Instytut Sztuki PAN, Stowarzyszenie Liber Pro Arte P\u0142yta, prezentuj\u0105ca najstarsze nagrania pie\u015bni i muzyki Kurpi\u00f3w Puszczy Zielonej, jest swego rodzaju podr\u00f3\u017c\u0105 [&hellip;]<\/p>\n","protected":false},"author":2,"featured_media":0,"parent":22,"menu_order":0,"comment_status":"closed","ping_status":"open","template":"","meta":{"footnotes":""},"class_list":["post-71","page","type-page","status-publish","hentry","post-preview"],"_links":{"self":[{"href":"http:\/\/liberproarte.eu\/index.php?rest_route=\/wp\/v2\/pages\/71","targetHints":{"allow":["GET"]}}],"collection":[{"href":"http:\/\/liberproarte.eu\/index.php?rest_route=\/wp\/v2\/pages"}],"about":[{"href":"http:\/\/liberproarte.eu\/index.php?rest_route=\/wp\/v2\/types\/page"}],"author":[{"embeddable":true,"href":"http:\/\/liberproarte.eu\/index.php?rest_route=\/wp\/v2\/users\/2"}],"replies":[{"embeddable":true,"href":"http:\/\/liberproarte.eu\/index.php?rest_route=%2Fwp%2Fv2%2Fcomments&post=71"}],"version-history":[{"count":6,"href":"http:\/\/liberproarte.eu\/index.php?rest_route=\/wp\/v2\/pages\/71\/revisions"}],"predecessor-version":[{"id":357,"href":"http:\/\/liberproarte.eu\/index.php?rest_route=\/wp\/v2\/pages\/71\/revisions\/357"}],"up":[{"embeddable":true,"href":"http:\/\/liberproarte.eu\/index.php?rest_route=\/wp\/v2\/pages\/22"}],"wp:attachment":[{"href":"http:\/\/liberproarte.eu\/index.php?rest_route=%2Fwp%2Fv2%2Fmedia&parent=71"}],"curies":[{"name":"wp","href":"https:\/\/api.w.org\/{rel}","templated":true}]}}