{"id":80,"date":"2014-09-10T08:59:45","date_gmt":"2014-09-10T08:59:45","guid":{"rendered":"http:\/\/liberproarteweb.localhost\/?page_id=80"},"modified":"2015-03-25T16:13:34","modified_gmt":"2015-03-25T15:13:34","slug":"przyklad-materialow-fonograficznych","status":"publish","type":"page","link":"http:\/\/liberproarte.eu\/?page_id=80","title":{"rendered":"Przyk\u0142ad materia\u0142\u00f3w fonograficznych"},"content":{"rendered":"<h3 style=\"text-align: justify;\">Fragmenty utwor\u00f3w pochodz\u0105 z p\u0142yty <em><strong>Melodie ziemi kujawskiej<\/strong><\/em>:<\/h3>\n<p style=\"text-align: justify;\">Kujawiak \u2013 J\u00f3zef Wypijewski ur. w 1910 r. S\u0142u\u017cewo pow. Aleksandr\u00f3w Kujawski, zam. tam\u017ce \u2013 skrzypce; nagr. 1952 r.<\/p>\n<audio class=\"wp-audio-shortcode\" id=\"audio-80-1\" preload=\"none\" style=\"width: 100%;\" controls=\"controls\"><source type=\"audio\/mpeg\" src=\"\/wp-content\/uploads\/2014\/09\/track_01.mp3?_=1\" \/><a href=\"\/wp-content\/uploads\/2014\/09\/track_01.mp3\">\/wp-content\/uploads\/2014\/09\/track_01.mp3<\/a><\/audio>\n<p style=\"text-align: justify;\">Nie wyganiaj uowczareczku uowiec \u2013 Owczarek \u2013 Stanis\u0142aw Kowalski ur. w 1901 r. \u0141uszczewo pow. Konin, zam. Ko\u015bcieszki pow. Inowroc\u0142aw; nagr. 1952 r. Ko\u015bcieszki<\/p>\n<audio class=\"wp-audio-shortcode\" id=\"audio-80-2\" preload=\"none\" style=\"width: 100%;\" controls=\"controls\"><source type=\"audio\/mpeg\" src=\"\/wp-content\/uploads\/2014\/09\/track_07.mp3?_=2\" \/><a href=\"\/wp-content\/uploads\/2014\/09\/track_07.mp3\">\/wp-content\/uploads\/2014\/09\/track_07.mp3<\/a><\/audio>\n<p style=\"text-align: justify;\">Owczarek \u2013 J\u00f3zef Andrzejewski ur. w 1892 r. Czamaninek pow. Rodziej\u00f3w, zam. tam\u017ce; nagr. 1956 r. Czamaninek \u2013 piszcza\u0142ka<\/p>\n<audio class=\"wp-audio-shortcode\" id=\"audio-80-3\" preload=\"none\" style=\"width: 100%;\" controls=\"controls\"><source type=\"audio\/mpeg\" src=\"\/wp-content\/uploads\/2014\/09\/track_17.mp3?_=3\" \/><a href=\"\/wp-content\/uploads\/2014\/09\/track_17.mp3\">\/wp-content\/uploads\/2014\/09\/track_17.mp3<\/a><\/audio>\n<p style=\"text-align: justify;\">Marysia me tronca, bestyja goronca \u2013 przy\u015bpiewka zalotna \u2013 J\u00f3zef Chojnacki ur. w 1898 r. Sm\u00f3lsk pow. W\u0142oc\u0142awek, zam. tam\u017ce; nagr. 1954 r. Sm\u00f3lsk<\/p>\n<audio class=\"wp-audio-shortcode\" id=\"audio-80-4\" preload=\"none\" style=\"width: 100%;\" controls=\"controls\"><source type=\"audio\/mpeg\" src=\"\/wp-content\/uploads\/2014\/09\/track_40.mp3?_=4\" \/><a href=\"\/wp-content\/uploads\/2014\/09\/track_40.mp3\">\/wp-content\/uploads\/2014\/09\/track_40.mp3<\/a><\/audio>\n<p style=\"text-align: justify;\">Siada\u0142a, p\u0142aka\u0142a, na mamusie wo\u0142a\u0142a \u2013 pie\u015b\u0144 \u015bpiewana przed wyjazdem do \u015blubu \u2013 Stanis\u0142awa Szulczewska ur. w 1907 r. Ku\u017anice pow. W\u0142oc\u0142awek, zam. Szatki pow. W\u0142oc\u0142awek; nagr. 1955 r. Szatki<\/p>\n<audio class=\"wp-audio-shortcode\" id=\"audio-80-5\" preload=\"none\" style=\"width: 100%;\" controls=\"controls\"><source type=\"audio\/mpeg\" src=\"\/wp-content\/uploads\/2014\/09\/track_49.mp3?_=5\" \/><a href=\"\/wp-content\/uploads\/2014\/09\/track_49.mp3\">\/wp-content\/uploads\/2014\/09\/track_49.mp3<\/a><\/audio>\n<h3 style=\"text-align: justify;\">oraz z p\u0142yty <em><strong>Hen, gdzie piaski i moczary, gdzie zielone zawsze bory. Pie\u015bni Puszczy Kurpiowskiej<\/strong><\/em>:<\/h3>\n<p style=\"text-align: justify;\">Kjedi przijechali krobianiaki z wojny \u2013 Stanis\u0142aw Brzozowy ur. w 1901 r. Krobia pow. Ostro\u0142\u0119ka, zam. tam\u017ce; nagr. 1952 r. Krobia<\/p>\n<audio class=\"wp-audio-shortcode\" id=\"audio-80-6\" preload=\"none\" style=\"width: 100%;\" controls=\"controls\"><source type=\"audio\/mpeg\" src=\"\/wp-content\/uploads\/2014\/09\/track_071.mp3?_=6\" \/><a href=\"\/wp-content\/uploads\/2014\/09\/track_071.mp3\">\/wp-content\/uploads\/2014\/09\/track_071.mp3<\/a><\/audio>\n<p style=\"text-align: justify;\">Zas\u0142o s\u0142u\u0144ce zas\u0142o \u2013 Waleria Mierzejek ur. w. 1874 r. Stary Myszyniec pow. Ostro\u0142\u0119ka, zam. D\u0105browy pow. Ostro\u0142\u0119ka; nagr. 1952 r. D\u0105browy<\/p>\n<audio class=\"wp-audio-shortcode\" id=\"audio-80-7\" preload=\"none\" style=\"width: 100%;\" controls=\"controls\"><source type=\"audio\/mpeg\" src=\"\/wp-content\/uploads\/2014\/09\/track_10.mp3?_=7\" \/><a href=\"\/wp-content\/uploads\/2014\/09\/track_10.mp3\">\/wp-content\/uploads\/2014\/09\/track_10.mp3<\/a><\/audio>\n<p style=\"text-align: justify;\">Stary oberek \u2013 Franciszek Golan ur. w 1920 r. Jazgarka pow. Ostro\u0142\u0119ka, zam. tam\u017ce \u2013 skrzypce; nagr. 1952 r. Krobia<\/p>\n<audio class=\"wp-audio-shortcode\" id=\"audio-80-8\" preload=\"none\" style=\"width: 100%;\" controls=\"controls\"><source type=\"audio\/mpeg\" src=\"\/wp-content\/uploads\/2014\/09\/track_16.mp3?_=8\" \/><a href=\"\/wp-content\/uploads\/2014\/09\/track_16.mp3\">\/wp-content\/uploads\/2014\/09\/track_16.mp3<\/a><\/audio>\n<p style=\"text-align: justify;\">Zieluna rutka modri ksiat \u2013 kobiety ze wsi Dylewo pow. Ostro\u0142\u0119ka; nagr. 1952 r. Dylewo<\/p>\n<audio class=\"wp-audio-shortcode\" id=\"audio-80-9\" preload=\"none\" style=\"width: 100%;\" controls=\"controls\"><source type=\"audio\/mpeg\" src=\"\/wp-content\/uploads\/2014\/09\/track_41.mp3?_=9\" \/><a href=\"\/wp-content\/uploads\/2014\/09\/track_41.mp3\">\/wp-content\/uploads\/2014\/09\/track_41.mp3<\/a><\/audio>\n<p style=\"text-align: justify;\">Zak\u0142adajcie siwe k\u00f3nie \u2013 Waleria \u017barnochowa ur. w 1908 r. D\u0105browy pow. Ostro\u0142\u0119ka, zam. tam\u017ce; nagr 1952 r. D\u0105browy<\/p>\n<audio class=\"wp-audio-shortcode\" id=\"audio-80-10\" preload=\"none\" style=\"width: 100%;\" controls=\"controls\"><source type=\"audio\/mpeg\" src=\"\/wp-content\/uploads\/2014\/09\/track_45.mp3?_=10\" \/><a href=\"\/wp-content\/uploads\/2014\/09\/track_45.mp3\">\/wp-content\/uploads\/2014\/09\/track_45.mp3<\/a><\/audio>\n","protected":false},"excerpt":{"rendered":"<p>Fragmenty utwor\u00f3w pochodz\u0105 z p\u0142yty Melodie ziemi kujawskiej: Kujawiak \u2013 J\u00f3zef Wypijewski ur. w 1910 r. S\u0142u\u017cewo pow. Aleksandr\u00f3w Kujawski, zam. tam\u017ce \u2013 skrzypce; nagr. 1952 r. Nie wyganiaj uowczareczku uowiec \u2013 Owczarek \u2013 Stanis\u0142aw Kowalski ur. w 1901 r. \u0141uszczewo pow. Konin, zam. Ko\u015bcieszki pow. Inowroc\u0142aw; nagr. 1952 r. Ko\u015bcieszki Owczarek \u2013 J\u00f3zef Andrzejewski [&hellip;]<\/p>\n","protected":false},"author":2,"featured_media":0,"parent":85,"menu_order":0,"comment_status":"closed","ping_status":"open","template":"","meta":{"footnotes":""},"class_list":["post-80","page","type-page","status-publish","hentry","post-preview"],"_links":{"self":[{"href":"http:\/\/liberproarte.eu\/index.php?rest_route=\/wp\/v2\/pages\/80","targetHints":{"allow":["GET"]}}],"collection":[{"href":"http:\/\/liberproarte.eu\/index.php?rest_route=\/wp\/v2\/pages"}],"about":[{"href":"http:\/\/liberproarte.eu\/index.php?rest_route=\/wp\/v2\/types\/page"}],"author":[{"embeddable":true,"href":"http:\/\/liberproarte.eu\/index.php?rest_route=\/wp\/v2\/users\/2"}],"replies":[{"embeddable":true,"href":"http:\/\/liberproarte.eu\/index.php?rest_route=%2Fwp%2Fv2%2Fcomments&post=80"}],"version-history":[{"count":6,"href":"http:\/\/liberproarte.eu\/index.php?rest_route=\/wp\/v2\/pages\/80\/revisions"}],"predecessor-version":[{"id":358,"href":"http:\/\/liberproarte.eu\/index.php?rest_route=\/wp\/v2\/pages\/80\/revisions\/358"}],"up":[{"embeddable":true,"href":"http:\/\/liberproarte.eu\/index.php?rest_route=\/wp\/v2\/pages\/85"}],"wp:attachment":[{"href":"http:\/\/liberproarte.eu\/index.php?rest_route=%2Fwp%2Fv2%2Fmedia&parent=80"}],"curies":[{"name":"wp","href":"https:\/\/api.w.org\/{rel}","templated":true}]}}