{"id":99,"date":"2014-09-10T09:23:35","date_gmt":"2014-09-10T09:23:35","guid":{"rendered":"http:\/\/liberproarteweb.localhost\/?page_id=99"},"modified":"2015-12-10T11:51:39","modified_gmt":"2015-12-10T10:51:39","slug":"konferencje","status":"publish","type":"page","link":"http:\/\/liberproarte.eu\/?page_id=99","title":{"rendered":"Miejsce fotografii w badaniach humanistycznych"},"content":{"rendered":"<p style=\"text-align: justify;\"><strong>Miejsce fotografii w badaniach humanistycznych<\/strong><\/p>\n<p style=\"text-align: justify;\">Zapraszamy do udzia\u0142u w interdyscyplinarnej konferencji naukowej po\u015bwi\u0119conej miejscu fotografii w badaniach humanistycznych, planowanej na 12-13 grudnia 2013 r.<\/p>\n<p style=\"text-align: justify;\">W ci\u0105gu ostatnich trzydziestu lat obserwujemy wzrastaj\u0105c\u0105 \u015bwiadomo\u015b\u0107 znaczenia fotografii dla narodzin nowoczesnej obrazowo\u015bci i percepcji. Towarzyszy jej wzmo\u017cone zainteresowanie fotografi\u0105 badaczy r\u00f3\u017cnych dziedzin humanistycznych: historycznych (historii, historii sztuki, historii nauki, historii techniki), ale r\u00f3wnie\u017c etnografii, archeologii, literaturoznawstwa, kulturoznawstwa czy filozofii. W ko\u0144cu lat 90-tych narodzi\u0142y si\u0119 dziedziny wyspecjalizowane w badaniu obraz\u00f3w, takie jak antropologia czy socjologia wizualna, interesuj\u0105ce si\u0119 w du\u017cej mierze obrazami fotograficznymi. Ka\u017cda z tych dziedzin inaczej postrzega fotografi\u0119, inaczej odczytuje jej tre\u015bci i znaczenie, k\u0142ad\u0105c nacisk na jej warto\u015bci estetyczne, dokumentacyjne lub symboliczne, jako no\u015bnika pami\u0119ci. Ze wzgl\u0119du na r\u00f3\u017cne perspektywy badawcze dziedziny te rozwijaj\u0105 si\u0119 r\u00f3wnolegle i niezale\u017cnie od siebie, rzadko wchodz\u0105c w dialog lub dyskusj\u0119.<\/p>\n<p style=\"text-align: justify;\">Konferencja ma na celu zaprezentowanie rozleg\u0142o\u015bci i r\u00f3\u017cnorodno\u015bci dziedzin badawczych, w kt\u00f3rych fotografia pojawia si\u0119 jako obiekt, problem lub narz\u0119dzie badawcze. Zderzaj\u0105c r\u00f3\u017cne perspektywy i sposoby widzenia, chcieliby\u015bmy stworzy\u0107 sytuacj\u0119 wzajemnej wymiany do\u015bwiadcze\u0144 i umiej\u0119tno\u015bci.<\/p>\n<p><strong>Program konferencji<\/strong><\/p>\n<p><strong>Czwartek, 12 grudnia 2013 r.<\/strong><br \/>\n8.00 \u2013 8.30 rejestracja uczestnik\u00f3w konferencji<br \/>\n8.30 \u2013 8.40 przywitanie zebranych przez Dyrektora Biblioteki Narodowej <strong>dra Tomasza Makowskiego<\/strong><br \/>\n8.40 \u2013 9.00 <strong>Ma\u0142gorzata Maria Gr\u0105bczewska<\/strong> (Biblioteka Narodowa), Historia fotografii jako nauka humanistyczna<\/p>\n<p style=\"text-align: justify;\"><strong>Sesja I. Materialno\u015b\u0107 fotografii<\/strong><\/p>\n<p style=\"text-align: justify;\">Moderator: <strong>Danuta Jackiewicz<\/strong><br \/>\n9.00 \u2013 9.20 <strong>Wojciech Walanus<\/strong> (Uniwersytet Jagiello\u0144ski, Instytut Historii Sztuki), Fotografia w r\u0119kach historyka sztuki. Kilka przyk\u0142ad\u00f3w ze zbior\u00f3w Fototeki Instytutu Historii Sztuki Uniwersytetu Jagiello\u0144skiego<br \/>\n9.20 \u2013 9.40 <strong>Magdalena Wr\u00f3blewska<\/strong> (Uniwersytet Warszawski, Instytut Historii Sztuki, Kunsthistorisches Institut Florenz-Max-Planck-Institut), Fotografia i rzecz<br \/>\n9.40 \u2013 10.00 <strong>\u0141ukasz Gorczyca<\/strong> (Galeria Raster), Adam Mazur (Centrum Sztuki Wsp\u00f3\u0142czesnej w Warszawie), Polska ksi\u0105\u017cka fotograficzna. Wst\u0119p do alternatywnej historii medium<br \/>\n10.00 \u2013 10.20 dyskusja<br \/>\n10.20 \u2013 10.40 przerwa na kaw\u0119<\/p>\n<p style=\"text-align: justify;\"><strong>Sesja II. Fotografia narz\u0119dziem badawczym<\/strong><\/p>\n<p style=\"text-align: justify;\">Moderator: <strong>Marianna Micha\u0142owska<\/strong><\/p>\n<p style=\"text-align: justify;\">10.40 \u2013 11.00 <strong>Danuta Jackiewicz<\/strong> (Muzeum Narodowe w Warszawie), U \u017ar\u00f3de\u0142 fotografii jako narz\u0119dzia nowoczesnej humanistyki. Praktyka Karola Beyera.<br \/>\n11.00 \u2013 11.20 <strong>Kamil Piska\u0142a<\/strong> (Uniwersytet \u0141\u00f3dzki, Instytut Historii), Obrazy socjalizmu. Uwagi o mo\u017cliwo\u015bciach wykorzystania fotografii w badaniach nad mi\u0119dzywojennym polskim ruchem socjalistycznym<br \/>\n11.20 \u2013 11.40 <strong>Agnieszka Kampka<\/strong> (Szko\u0142a G\u0142\u00f3wna Gospodarstwa Wiejskiego, Wydzia\u0142 Nauk Spo\u0142ecznych), \u201eCzy kogo\u015b rozpoznajecie?\u201d czyli co stare zdj\u0119cia m\u00f3wi\u0105 socjologowi dzisiaj<br \/>\n11.40 \u2013 12.00 <strong>Roland \u0141ukasiewcz<\/strong> (Wy\u017csza Szko\u0142a Mened\u017cerska w Warszawie, Wydzia\u0142 Nauk Spo\u0142ecznych), Fotografia w analizie socjologicznej wykluczenia spo\u0142ecznego na przyk\u0142adzie zr\u00f3\u017cnicowania kulturowego miast przygranicznych<br \/>\n12.00 \u2013 12.20 <strong>Ewelina Mykicka<\/strong> (Uniwerystet Jagiello\u0144ski, Wydzia\u0142 Polonistyki), Dom widzialny. Motywy wn\u0119trza w najnowszej fotografii polskiej \u2013 przyk\u0142ady<br \/>\n12.20 \u2013 12.40 <strong>Agata Ciasto\u0144<\/strong> (Uniwersytet Wroc\u0142awski, Instytut Kulturoznawstwa), Fotografia w filmie \u2013 spotkanie medi\u00f3w<br \/>\n12.40 \u2013 13.00 dyskusja<br \/>\n13.00 \u2013 14.00 przerwa na lunch<\/p>\n<p style=\"text-align: justify;\"><strong>Sesja III. W stron\u0119 metody<\/strong><\/p>\n<p style=\"text-align: justify;\">Moderator: <strong>Ma\u0142gorzata Gr\u0105bczewska<\/strong><\/p>\n<p style=\"text-align: justify;\">14.00 \u2013 14.20 <strong>Iwona Kurz<\/strong> (Uniwersytet Warszawski, Instytut Kultury Polskiej), Fotografia: nowy obraz historii kultury polskiej<br \/>\n14.20 \u2013 14.40 <strong>Katarzyna Bojarska<\/strong> (Polska Akademia Nauk, Instytut Bada\u0144 Literackich), Fotografia a archiwum psychoanalityczne<br \/>\n14.40 \u2013 15.00 <strong>Piotr Seweryn Ros\u00f3\u0142<\/strong> (Uniwersytet Warszawski, Instytut Literatury Polskiej), Fotografia przeciw interpretacji<br \/>\n15.00 \u2013 15.20 <strong>Iwo Zmy\u015blony<\/strong> (Uniwersytet Warszawski, Paris IV Sorbonne), Fa\u0142szywy obraz. Fotografia jako \u017ar\u00f3d\u0142o z\u0142ych nawyk\u00f3w percepcyjnych<br \/>\n15.20 \u2013 15.40 <strong>Marta Koszowy<\/strong> (Polska Akademia Nauk, Instytut Bada\u0144 Literackich), Miejsce s\u0142owa w fotografii, rola fotografii w literaturze.<br \/>\n15.40 \u2013 16.00 przerwa na kaw\u0119<br \/>\n16.00 \u2013 16.20 <strong>Izabela Poniatowska<\/strong> (Wy\u017csza Szko\u0142a Pedagogiczna),Literatura \u015bwiat\u0142oczu\u0142a. O zwi\u0105zkach fotografii z tekstem literackim<br \/>\n16.20 \u2013 16.40 <strong>Krzysztof \u017bwirski<\/strong> (Uniwersytet Jagiello\u0144ski, Katedra Por\u00f3wnawczych Studi\u00f3w Cywilizacji), Eurocentryzm w my\u015bli Susan Sontag. Pytanie o uniwersalne znaczenie najwa\u017cniejszej w historii ksi\u0105\u017cki po\u015bwi\u0119conej fotografii<br \/>\n16.40 \u2013 17.00 <strong>Witold Kanicki<\/strong> (Uniwersytet Artystyczny w Poznaniu), Ujemne dokumenty: negatyw w historii nauki<br \/>\n17.00 \u2013 17.20 <strong>Urszula Adamska<\/strong> (Uniwersytet Marii Curie Sk\u0142odowskiej, Wydzia\u0142 Humanistyczny ), Heurystyczne tre\u015bci fotografii jako no\u015bnika pami\u0119ci historycznej na podstawie prac artysty-fotografika prze\u0142omu XIX i XX wieku \u2013 Jana Bu\u0142haka<br \/>\n17.20 \u2013 17.40 dyskusja<br \/>\n17.40 \u2013 18.00 <strong>Agnieszka Leszy\u0144ska<\/strong> (Biblioteka Narodowa) Prezentacja <em>kolekcji fotografii w Cyfrowej Bibliotece Narodowej Polona<\/em><\/p>\n<p style=\"text-align: justify;\"><strong>Pi\u0105tek, 13 grudnia 2013 r.<\/strong><\/p>\n<p style=\"text-align: justify;\"><strong>Sesja IV. Inspiracje i interpretacje<\/strong><\/p>\n<p style=\"text-align: justify;\">Moderator: <strong>Adam Mazur<\/strong><\/p>\n<p style=\"text-align: justify;\">8.30 \u2013 8.50 <strong>Anastasia Nabokina<\/strong> (Uniwersytet Jagiello\u0144ski, Instytut Kultury), Fotografia ta\u0144ca. Problemy i mo\u017cliwo\u015bci reprezentacji.<br \/>\n8.50 \u2013 9.10 <strong>Marta Zda\u0144kowska<\/strong> (Zamek Kr\u00f3lewski w Warszawie), Oko w oko z modelem. Fotografia archiwalna jako narz\u0119dzie poznawcze w badaniach nad miejscem ludzkiego modela w warsztacie tw\u00f3rczym artysty drugiej po\u0142. XIX i pocz\u0105tku XX w.<br \/>\n9.10 \u2013 9.30 <strong>Milena Wo\u017aniak<\/strong> (Polska Akademia Nauk, Instytut Sztuki) \u2013 Zastyg\u0142y w czasie kolekcjoner i jego kolekcja. Rola fotografii w badaniach nad przedwojennymi kolekcjami<br \/>\n9.30 \u2013 9.50 <strong>Micha\u0142 Bolka<\/strong> (Uniwersytet Miko\u0142aja Kopernika w Toruniu, Katedra Historii Sztuki i Kultury), Fotografia a malarstwo nowej figuracji<br \/>\n9.50 \u2013 10.10 <strong>Ma\u0142gorzata Pero\u0144<\/strong> (Katolicki Uniwersytet Lubelski, Instytut Filologii Polskiej), W ciemni twojego wn\u0119trza. Fascynacje fotografi\u0105 w polskiej poezji i prozie najnowszej<br \/>\n10.10 \u2013 10.30 <strong>Dobrawa Lisak-G\u0119bala<\/strong> (Uniwersytet Wroc\u0142awski, Instytut Filologii Polskiej), Fotoliteratura jako wyzwanie badawcze<br \/>\n10.30 \u2013 10.50 przerwa na kaw\u0119<br \/>\n10.50 \u2013 11.10 <strong>Cezary Zalewski<\/strong> (Uniwersytet Jagiello\u0144ski, Wydzia\u0142 Polonistyki), Fotografia \u2013 z fotografii. Obrazy podmiotowo\u015bci w esejach fotograficznych Wojciecha Nowickiego i Andrzeja Stasiuka<br \/>\n11.10 \u2013 11.30 <strong>Bogna Kietli\u0144ska<\/strong> (Uniwersytet Warszawski, Instytut Stosowanych Nauk Spo\u0142ecznych), Joanna Kinowska (Zach\u0119ta Narodowa Galeria Sztuki), Ikony fotograficzne. Pomi\u0119dzy odmiennymi perspektywami badawczymi<br \/>\n11.30 \u2013 11.50 dyskusja<\/p>\n<p style=\"text-align: justify;\"><strong>Sesja V. Dokument i archiwum<\/strong><\/p>\n<p style=\"text-align: justify;\">Moderator: <strong>Wojciech Walanus<\/strong><\/p>\n<p style=\"text-align: justify;\">11.50 \u2013 12.10 <strong>Piotr Jamski<\/strong>, <strong>Ewa Manikowska<\/strong> (Polska Akademia Nauk, Instytut Sztuki),U \u017ar\u00f3de\u0142 polskiej historii sztuki: archiwum fotograficzne Towarzystwa Opieki nad Zabytkami Przesz\u0142o\u015bci<br \/>\n12.10 \u2013 12.30 <strong>Anastazja Stelmach<\/strong> (Katolicki Uniwersytet Lubelski, Instytut Historii Sztuki) Kolekcja fotografii dzie\u0142 sztuki Karola Lanckoro\u0144skiego<br \/>\n12.30 \u2013 12.50 <strong>Hanna Rubinkowska-Anio\u0142<\/strong> (Uniwersytet Warszawski, Katedra J\u0119zyk\u00f3w i Kultur Afryki), Symbole w\u0142adzy w Etiopii na fotografii: koronacja cesarza Hajle Syllasje I (1930)<br \/>\n12.50 \u2013 13.10 <strong>Anna Maria Krajewska<\/strong> (Biblioteka Narodowa), Walka o niepodleg\u0142o\u015b\u0107 i granice w dokumentacji fotograficznej na przyk\u0142adzie obrony Lwowa<br \/>\n13.10 \u2013 13.30 dyskusja<br \/>\n13.30 \u2013 14.30 przerwa na lunch<\/p>\n<p style=\"text-align: justify;\"><strong>Sesja VI. Nowe horyzonty<\/strong><\/p>\n<p style=\"text-align: justify;\">Moderator: <strong>Katarzyna Bojarska<\/strong><\/p>\n<p style=\"text-align: justify;\">14.30 \u2013 14.50 <strong>Krzysztof Pijarski<\/strong> (Akademia Filmowa w \u0141odzi), Co robimy z fotografiami? Fotografia jako technologia oraz wydarzenie<br \/>\n14.50 \u2013 15.10 <strong>Rafa\u0142 Zap\u0142ata<\/strong> (Uniwersytet Kardyna\u0142a Stefana Wyszy\u0144skiego, Instytut Nauk Historycznych), Fotografia i obraz \u2013 wizualizacja przesz\u0142o\u015bci<br \/>\n15.10 \u2013 15.30 <strong>Agnieszka Paj\u0105czkowska<\/strong> (Uniwersytet Warszawski, Instytut Kultury Polskiej), Przestrze\u0144 pomi\u0119dzy miejscami. Fotografia w relacji z badaniem historii Zag\u0142ady<br \/>\n15.30 \u2013 15.50 <strong>Marianna Micha\u0142owska<\/strong> (Uniwersytet im. Adama Mickiewicza w Poznaniu, Instytut Kulturoznawstwa), Metafora czy &#8222;materia\u0142 wizualny&#8221;? \u2013 fotografia dzisiaj<br \/>\n15.50 \u2013 16.10 przerwa na kaw\u0119<br \/>\n16.10 \u2013 16.30 <strong>Agnieszka Wanicka<\/strong> (Uniwersytet Jagiello\u0144ski, Wydzia\u0142 Polonistyki), Fotografia i teatr. Miejsce fotografii w badaniach nad sztuk\u0105 aktorsk\u0105<br \/>\n16.30 \u2013 16.50 <strong>Katarzyna K. Gorska<\/strong> (Ruhr-Universitat Bochum, Institut fur Medienwissenschaft), Przeznaczone dla matek, lekarzy i artyst\u00f3w. Fotografia w poradnikach z zakresu o\u015bwiaty zdrowotnej prze\u0142omu XIX\/XX w.<br \/>\n16.50 \u2013 17.10 <strong>Monika Szewczyk<\/strong> (Uniwersytet Warszawski, Wydzia\u0142 Dziennikarstwa i Nauk Politycznych), Fotografia w s\u0142u\u017cbie medi\u00f3w<br \/>\n17.10 \u2013 18.00 dyskusja, podsumowanie i zamkni\u0119cie konferencji<\/p>\n","protected":false},"excerpt":{"rendered":"<p>Miejsce fotografii w badaniach humanistycznych Zapraszamy do udzia\u0142u w interdyscyplinarnej konferencji naukowej po\u015bwi\u0119conej miejscu fotografii w badaniach humanistycznych, planowanej na 12-13 grudnia 2013 r. W ci\u0105gu ostatnich trzydziestu lat obserwujemy wzrastaj\u0105c\u0105 \u015bwiadomo\u015b\u0107 znaczenia fotografii dla narodzin nowoczesnej obrazowo\u015bci i percepcji. Towarzyszy jej wzmo\u017cone zainteresowanie fotografi\u0105 badaczy r\u00f3\u017cnych dziedzin humanistycznych: historycznych (historii, historii sztuki, historii nauki, [&hellip;]<\/p>\n","protected":false},"author":2,"featured_media":0,"parent":91,"menu_order":0,"comment_status":"closed","ping_status":"open","template":"","meta":{"footnotes":""},"class_list":["post-99","page","type-page","status-publish","hentry","post-preview"],"_links":{"self":[{"href":"http:\/\/liberproarte.eu\/index.php?rest_route=\/wp\/v2\/pages\/99","targetHints":{"allow":["GET"]}}],"collection":[{"href":"http:\/\/liberproarte.eu\/index.php?rest_route=\/wp\/v2\/pages"}],"about":[{"href":"http:\/\/liberproarte.eu\/index.php?rest_route=\/wp\/v2\/types\/page"}],"author":[{"embeddable":true,"href":"http:\/\/liberproarte.eu\/index.php?rest_route=\/wp\/v2\/users\/2"}],"replies":[{"embeddable":true,"href":"http:\/\/liberproarte.eu\/index.php?rest_route=%2Fwp%2Fv2%2Fcomments&post=99"}],"version-history":[{"count":5,"href":"http:\/\/liberproarte.eu\/index.php?rest_route=\/wp\/v2\/pages\/99\/revisions"}],"predecessor-version":[{"id":406,"href":"http:\/\/liberproarte.eu\/index.php?rest_route=\/wp\/v2\/pages\/99\/revisions\/406"}],"up":[{"embeddable":true,"href":"http:\/\/liberproarte.eu\/index.php?rest_route=\/wp\/v2\/pages\/91"}],"wp:attachment":[{"href":"http:\/\/liberproarte.eu\/index.php?rest_route=%2Fwp%2Fv2%2Fmedia&parent=99"}],"curies":[{"name":"wp","href":"https:\/\/api.w.org\/{rel}","templated":true}]}}